{"id":194,"date":"2013-05-02T16:15:27","date_gmt":"2013-05-02T15:15:27","guid":{"rendered":"http:\/\/192.168.0.41:8888\/?post_type=avada_faq&#038;p=194"},"modified":"2013-05-02T16:15:27","modified_gmt":"2013-05-02T15:15:27","slug":"a-partir-de-quel-age-puis-je-consulter-un-osteopathe","status":"publish","type":"avada_faq","link":"https:\/\/pes-moselle.fr\/yutz\/faq-items\/a-partir-de-quel-age-puis-je-consulter-un-osteopathe\/","title":{"rendered":"A partir de quel \u00e2ge puis-je consulter un Ost\u00e9opathe ?"},"content":{"rendered":"<p style=\"text-align: justify\">Il est possible de consulter <strong>d\u00e8s les premi\u00e8res heures de vie<\/strong>, en g\u00e9n\u00e9ral dans la semaine qui suit la sortie de la maternit\u00e9. Plus la premi\u00e8re consultation \u00e0 lieu t\u00f4t, plus l&rsquo;ost\u00e9opathe pourra lutter efficacement contre les effets de l\u2019accouchement. En effet, les os du cr\u00e2ne vont se \u00ab\u00a0souder\u00a0\u00bb au fur et \u00e0 mesure que b\u00e9b\u00e9 va grandir, ce qui aura pour cons\u00e9quence de \u00ab\u00a0fixer\u00a0\u00bb les dysfonctions qui pourraient \u00eatre pr\u00e9sentes.<\/p>\n<p style=\"text-align: justify\">Pour le reste, il est bien \u00e9videment possible de consulter tout au long de la vie. De l&rsquo;enfant \u00e0 la personne \u00e2g\u00e9e en passant par la p\u00e9riode faste de l&rsquo;adolescence ou encore l&rsquo;adulte, l&rsquo;ost\u00e9opathie aura ses indications.<\/p>\n<p>Il est \u00e0 noter que pour tout traitement chez un nourrisson de moins de 6 mois, il est n\u00e9cessaire de pr\u00e9senter \u00e0 votre th\u00e9rapeute un certificat m\u00e9dical de non contre-indication \u00e0 l&rsquo;ost\u00e9opathie.<\/p>\n","protected":false},"excerpt":{"rendered":"<p>Il est possible de consulter d\u00e8s les premi\u00e8res heures de vie, en g\u00e9n\u00e9ral dans la semaine qui suit la sortie de la maternit\u00e9. Plus la premi\u00e8re consultation \u00e0 lieu t\u00f4t, plus l&rsquo;ost\u00e9opathe pourra lutter efficacement contre les effets de l\u2019accouchement. En effet, les os du cr\u00e2ne vont se \u00ab\u00a0souder\u00a0\u00bb au fur et \u00e0 mesure que  [&#8230;]<\/p>\n","protected":false},"author":1,"featured_media":0,"menu_order":11,"comment_status":"open","ping_status":"closed","template":"","format":"standard","meta":{"footnotes":""},"faq_category":[3],"class_list":["post-194","avada_faq","type-avada_faq","status-publish","format-standard","hentry","faq_category-consultation"],"yoast_head":"<!-- This site is optimized with the Yoast SEO plugin v27.5 - https:\/\/yoast.com\/product\/yoast-seo-wordpress\/ -->\n<title>A partir de quel \u00e2ge puis-je consulter un Ost\u00e9opathe ? - P\u00f4le Equilibre&amp;Sant\u00e9 de Yutz - Thionville<\/title>\n<meta name=\"robots\" content=\"index, follow, max-snippet:-1, max-image-preview:large, max-video-preview:-1\" \/>\n<link rel=\"canonical\" href=\"https:\/\/pes-moselle.fr\/yutz\/faq-items\/a-partir-de-quel-age-puis-je-consulter-un-osteopathe\/\" \/>\n<meta property=\"og:locale\" content=\"fr_FR\" \/>\n<meta property=\"og:type\" content=\"article\" \/>\n<meta property=\"og:title\" content=\"A partir de quel \u00e2ge puis-je consulter un Ost\u00e9opathe ? - P\u00f4le Equilibre&amp;Sant\u00e9 de Yutz - Thionville\" \/>\n<meta property=\"og:description\" content=\"Il est possible de consulter d\u00e8s les premi\u00e8res heures de vie, en g\u00e9n\u00e9ral dans la semaine qui suit la sortie de la maternit\u00e9. Plus la premi\u00e8re consultation \u00e0 lieu t\u00f4t, plus l&rsquo;ost\u00e9opathe pourra lutter efficacement contre les effets de l\u2019accouchement. En effet, les os du cr\u00e2ne vont se \u00ab\u00a0souder\u00a0\u00bb au fur et \u00e0 mesure que [...]\" \/>\n<meta property=\"og:url\" content=\"https:\/\/pes-moselle.fr\/yutz\/faq-items\/a-partir-de-quel-age-puis-je-consulter-un-osteopathe\/\" \/>\n<meta property=\"og:site_name\" content=\"P\u00f4le Equilibre&amp;Sant\u00e9 de Yutz - Thionville\" \/>\n<meta name=\"twitter:card\" content=\"summary_large_image\" \/>\n<meta name=\"twitter:label1\" content=\"Dur\u00e9e de lecture estim\u00e9e\" \/>\n\t<meta name=\"twitter:data1\" content=\"1 minute\" \/>\n<script type=\"application\/ld+json\" class=\"yoast-schema-graph\">{\"@context\":\"https:\\\/\\\/schema.org\",\"@graph\":[{\"@type\":\"WebPage\",\"@id\":\"https:\\\/\\\/pes-moselle.fr\\\/yutz\\\/faq-items\\\/a-partir-de-quel-age-puis-je-consulter-un-osteopathe\\\/\",\"url\":\"https:\\\/\\\/pes-moselle.fr\\\/yutz\\\/faq-items\\\/a-partir-de-quel-age-puis-je-consulter-un-osteopathe\\\/\",\"name\":\"A partir de quel \u00e2ge puis-je consulter un Ost\u00e9opathe ? - P\u00f4le Equilibre&amp;Sant\u00e9 de Yutz - Thionville\",\"isPartOf\":{\"@id\":\"https:\\\/\\\/pes-moselle.fr\\\/yutz\\\/#website\"},\"datePublished\":\"2013-05-02T15:15:27+00:00\",\"breadcrumb\":{\"@id\":\"https:\\\/\\\/pes-moselle.fr\\\/yutz\\\/faq-items\\\/a-partir-de-quel-age-puis-je-consulter-un-osteopathe\\\/#breadcrumb\"},\"inLanguage\":\"fr-FR\",\"potentialAction\":[{\"@type\":\"ReadAction\",\"target\":[\"https:\\\/\\\/pes-moselle.fr\\\/yutz\\\/faq-items\\\/a-partir-de-quel-age-puis-je-consulter-un-osteopathe\\\/\"]}]},{\"@type\":\"BreadcrumbList\",\"@id\":\"https:\\\/\\\/pes-moselle.fr\\\/yutz\\\/faq-items\\\/a-partir-de-quel-age-puis-je-consulter-un-osteopathe\\\/#breadcrumb\",\"itemListElement\":[{\"@type\":\"ListItem\",\"position\":1,\"name\":\"Accueil\",\"item\":\"https:\\\/\\\/pes-moselle.fr\\\/yutz\\\/\"},{\"@type\":\"ListItem\",\"position\":2,\"name\":\"F.A.Q.\",\"item\":\"https:\\\/\\\/pes-moselle.fr\\\/yutz\\\/faq-items\\\/\"},{\"@type\":\"ListItem\",\"position\":3,\"name\":\"A partir de quel \u00e2ge puis-je consulter un Ost\u00e9opathe ?\"}]},{\"@type\":\"WebSite\",\"@id\":\"https:\\\/\\\/pes-moselle.fr\\\/yutz\\\/#website\",\"url\":\"https:\\\/\\\/pes-moselle.fr\\\/yutz\\\/\",\"name\":\"P\u00f4le Equilibre&amp;Sant\u00e9 de Yutz - Thionville\",\"description\":\"\",\"potentialAction\":[{\"@type\":\"SearchAction\",\"target\":{\"@type\":\"EntryPoint\",\"urlTemplate\":\"https:\\\/\\\/pes-moselle.fr\\\/yutz\\\/?s={search_term_string}\"},\"query-input\":{\"@type\":\"PropertyValueSpecification\",\"valueRequired\":true,\"valueName\":\"search_term_string\"}}],\"inLanguage\":\"fr-FR\"}]}<\/script>\n<!-- \/ Yoast SEO plugin. -->","yoast_head_json":{"title":"A partir de quel \u00e2ge puis-je consulter un Ost\u00e9opathe ? - P\u00f4le Equilibre&amp;Sant\u00e9 de Yutz - Thionville","robots":{"index":"index","follow":"follow","max-snippet":"max-snippet:-1","max-image-preview":"max-image-preview:large","max-video-preview":"max-video-preview:-1"},"canonical":"https:\/\/pes-moselle.fr\/yutz\/faq-items\/a-partir-de-quel-age-puis-je-consulter-un-osteopathe\/","og_locale":"fr_FR","og_type":"article","og_title":"A partir de quel \u00e2ge puis-je consulter un Ost\u00e9opathe ? - P\u00f4le Equilibre&amp;Sant\u00e9 de Yutz - Thionville","og_description":"Il est possible de consulter d\u00e8s les premi\u00e8res heures de vie, en g\u00e9n\u00e9ral dans la semaine qui suit la sortie de la maternit\u00e9. Plus la premi\u00e8re consultation \u00e0 lieu t\u00f4t, plus l&rsquo;ost\u00e9opathe pourra lutter efficacement contre les effets de l\u2019accouchement. En effet, les os du cr\u00e2ne vont se \u00ab\u00a0souder\u00a0\u00bb au fur et \u00e0 mesure que [...]","og_url":"https:\/\/pes-moselle.fr\/yutz\/faq-items\/a-partir-de-quel-age-puis-je-consulter-un-osteopathe\/","og_site_name":"P\u00f4le Equilibre&amp;Sant\u00e9 de Yutz - Thionville","twitter_card":"summary_large_image","twitter_misc":{"Dur\u00e9e de lecture estim\u00e9e":"1 minute"},"schema":{"@context":"https:\/\/schema.org","@graph":[{"@type":"WebPage","@id":"https:\/\/pes-moselle.fr\/yutz\/faq-items\/a-partir-de-quel-age-puis-je-consulter-un-osteopathe\/","url":"https:\/\/pes-moselle.fr\/yutz\/faq-items\/a-partir-de-quel-age-puis-je-consulter-un-osteopathe\/","name":"A partir de quel \u00e2ge puis-je consulter un Ost\u00e9opathe ? - P\u00f4le Equilibre&amp;Sant\u00e9 de Yutz - Thionville","isPartOf":{"@id":"https:\/\/pes-moselle.fr\/yutz\/#website"},"datePublished":"2013-05-02T15:15:27+00:00","breadcrumb":{"@id":"https:\/\/pes-moselle.fr\/yutz\/faq-items\/a-partir-de-quel-age-puis-je-consulter-un-osteopathe\/#breadcrumb"},"inLanguage":"fr-FR","potentialAction":[{"@type":"ReadAction","target":["https:\/\/pes-moselle.fr\/yutz\/faq-items\/a-partir-de-quel-age-puis-je-consulter-un-osteopathe\/"]}]},{"@type":"BreadcrumbList","@id":"https:\/\/pes-moselle.fr\/yutz\/faq-items\/a-partir-de-quel-age-puis-je-consulter-un-osteopathe\/#breadcrumb","itemListElement":[{"@type":"ListItem","position":1,"name":"Accueil","item":"https:\/\/pes-moselle.fr\/yutz\/"},{"@type":"ListItem","position":2,"name":"F.A.Q.","item":"https:\/\/pes-moselle.fr\/yutz\/faq-items\/"},{"@type":"ListItem","position":3,"name":"A partir de quel \u00e2ge puis-je consulter un Ost\u00e9opathe ?"}]},{"@type":"WebSite","@id":"https:\/\/pes-moselle.fr\/yutz\/#website","url":"https:\/\/pes-moselle.fr\/yutz\/","name":"P\u00f4le Equilibre&amp;Sant\u00e9 de Yutz - Thionville","description":"","potentialAction":[{"@type":"SearchAction","target":{"@type":"EntryPoint","urlTemplate":"https:\/\/pes-moselle.fr\/yutz\/?s={search_term_string}"},"query-input":{"@type":"PropertyValueSpecification","valueRequired":true,"valueName":"search_term_string"}}],"inLanguage":"fr-FR"}]}},"_links":{"self":[{"href":"https:\/\/pes-moselle.fr\/yutz\/wp-json\/wp\/v2\/avada_faq\/194","targetHints":{"allow":["GET"]}}],"collection":[{"href":"https:\/\/pes-moselle.fr\/yutz\/wp-json\/wp\/v2\/avada_faq"}],"about":[{"href":"https:\/\/pes-moselle.fr\/yutz\/wp-json\/wp\/v2\/types\/avada_faq"}],"author":[{"embeddable":true,"href":"https:\/\/pes-moselle.fr\/yutz\/wp-json\/wp\/v2\/users\/1"}],"replies":[{"embeddable":true,"href":"https:\/\/pes-moselle.fr\/yutz\/wp-json\/wp\/v2\/comments?post=194"}],"version-history":[{"count":0,"href":"https:\/\/pes-moselle.fr\/yutz\/wp-json\/wp\/v2\/avada_faq\/194\/revisions"}],"wp:attachment":[{"href":"https:\/\/pes-moselle.fr\/yutz\/wp-json\/wp\/v2\/media?parent=194"}],"wp:term":[{"taxonomy":"faq_category","embeddable":true,"href":"https:\/\/pes-moselle.fr\/yutz\/wp-json\/wp\/v2\/faq_category?post=194"}],"curies":[{"name":"wp","href":"https:\/\/api.w.org\/{rel}","templated":true}]}}