{"id":201,"date":"2013-05-02T16:29:48","date_gmt":"2013-05-02T15:29:48","guid":{"rendered":"http:\/\/192.168.0.41:8888\/?post_type=avada_faq&#038;p=201"},"modified":"2013-05-02T16:29:48","modified_gmt":"2013-05-02T15:29:48","slug":"y-a-t-il-obligatoirement-des-bruits-articulaires-dans-un-traitement-osteopathique","status":"publish","type":"avada_faq","link":"https:\/\/pes-moselle.fr\/yutz\/faq-items\/y-a-t-il-obligatoirement-des-bruits-articulaires-dans-un-traitement-osteopathique\/","title":{"rendered":"Y-a t-il n\u00e9cessairement un &#034;crac&#034; articulaire dans un traitement Ost\u00e9opathique ?"},"content":{"rendered":"<p style=\"text-align: justify\"><strong>Cela n&rsquo;est absolument pas obligatoire<\/strong>\u00a0et d\u00e9pendra du type de traitement ost\u00e9opathique propos\u00e9. Si ce traitement doit comporter des mobilisations musculo-articulaires des bruits peuvent se produire, mais ne signent aucunement une \u00ab\u00a0remise en place\u00a0\u00bb. Le but de la mobilisation articulaire est de \u00ab\u00a0r\u00e9-informer\u00a0\u00bb du point de vue neurologique la structure qui est restreinte en mobilit\u00e9 afin qu\u2019elle retrouve sa fonction et sa flexibilit\u00e9.<\/p>\n<p style=\"text-align: justify\">Lorsqu&rsquo;il existe, ce bruit est souvent assimil\u00e9 \u00e0 2 solides qui s&rsquo;affrontent, autrement dit 2 os. En r\u00e9alit\u00e9, il n&rsquo;en est rien. Ce bruit qui peut se manifester lors de la mobilisation de l&rsquo;articulation (la fameuse technique de \u00ab\u00a0Thrust\u00a0\u00bb) correspond \u00e0 la mise sous pression d&rsquo;une bulle gazeuse contenue dans l&rsquo;articulation. Arriv\u00e9e \u00e0 un certain stade de pression, ce gaz va de nouveau se dissoudre dans le liquide articulaire en cr\u00e9ant un bruit caract\u00e9ristique de \u00ab\u00a0craquement\u00a0\u00bb. Apr\u00e8s 2-3 heures la bulle est de retour sous forme gazeuse et non plus sous forme dissoute ce qui donne un ph\u00e9nom\u00e8ne de \u00ab\u00a0crac\u00a0\u00bb \u00e0 nouveau possible et audible.<\/p>\n<p style=\"text-align: justify\">La pr\u00e9sence de ce bruit ne veut en aucun cas dire que la technique est bien faite, et \u00e0 contrario son absence ne signifie pas qu\u2019elle est rat\u00e9e.\u00a0Seul un nouveau test de la structure donnera le r\u00e9sultat.<\/p>\n","protected":false},"excerpt":{"rendered":"<p>Cela n&rsquo;est absolument pas obligatoire\u00a0et d\u00e9pendra du type de traitement ost\u00e9opathique propos\u00e9. Si ce traitement doit comporter des mobilisations musculo-articulaires des bruits peuvent se produire, mais ne signent aucunement une \u00ab\u00a0remise en place\u00a0\u00bb. Le but de la mobilisation articulaire est de \u00ab\u00a0r\u00e9-informer\u00a0\u00bb du point de vue neurologique la structure qui est restreinte en mobilit\u00e9 afin  [&#8230;]<\/p>\n","protected":false},"author":1,"featured_media":0,"menu_order":7,"comment_status":"open","ping_status":"closed","template":"","format":"standard","meta":{"footnotes":""},"faq_category":[3],"class_list":["post-201","avada_faq","type-avada_faq","status-publish","format-standard","hentry","faq_category-consultation"],"yoast_head":"<!-- This site is optimized with the Yoast SEO plugin v27.5 - https:\/\/yoast.com\/product\/yoast-seo-wordpress\/ -->\n<title>Y-a t-il n\u00e9cessairement un &#034;crac&#034; articulaire dans un traitement Ost\u00e9opathique ? - P\u00f4le Equilibre&amp;Sant\u00e9 de Yutz - Thionville<\/title>\n<meta name=\"robots\" content=\"index, follow, max-snippet:-1, max-image-preview:large, max-video-preview:-1\" \/>\n<link rel=\"canonical\" href=\"https:\/\/pes-moselle.fr\/yutz\/faq-items\/y-a-t-il-obligatoirement-des-bruits-articulaires-dans-un-traitement-osteopathique\/\" \/>\n<meta property=\"og:locale\" content=\"fr_FR\" \/>\n<meta property=\"og:type\" content=\"article\" \/>\n<meta property=\"og:title\" content=\"Y-a t-il n\u00e9cessairement un &#034;crac&#034; articulaire dans un traitement Ost\u00e9opathique ? - P\u00f4le Equilibre&amp;Sant\u00e9 de Yutz - Thionville\" \/>\n<meta property=\"og:description\" content=\"Cela n&rsquo;est absolument pas obligatoire\u00a0et d\u00e9pendra du type de traitement ost\u00e9opathique propos\u00e9. Si ce traitement doit comporter des mobilisations musculo-articulaires des bruits peuvent se produire, mais ne signent aucunement une \u00ab\u00a0remise en place\u00a0\u00bb. Le but de la mobilisation articulaire est de \u00ab\u00a0r\u00e9-informer\u00a0\u00bb du point de vue neurologique la structure qui est restreinte en mobilit\u00e9 afin [...]\" \/>\n<meta property=\"og:url\" content=\"https:\/\/pes-moselle.fr\/yutz\/faq-items\/y-a-t-il-obligatoirement-des-bruits-articulaires-dans-un-traitement-osteopathique\/\" \/>\n<meta property=\"og:site_name\" content=\"P\u00f4le Equilibre&amp;Sant\u00e9 de Yutz - Thionville\" \/>\n<meta name=\"twitter:card\" content=\"summary_large_image\" \/>\n<meta name=\"twitter:label1\" content=\"Dur\u00e9e de lecture estim\u00e9e\" \/>\n\t<meta name=\"twitter:data1\" content=\"1 minute\" \/>\n<script type=\"application\/ld+json\" class=\"yoast-schema-graph\">{\"@context\":\"https:\\\/\\\/schema.org\",\"@graph\":[{\"@type\":\"WebPage\",\"@id\":\"https:\\\/\\\/pes-moselle.fr\\\/yutz\\\/faq-items\\\/y-a-t-il-obligatoirement-des-bruits-articulaires-dans-un-traitement-osteopathique\\\/\",\"url\":\"https:\\\/\\\/pes-moselle.fr\\\/yutz\\\/faq-items\\\/y-a-t-il-obligatoirement-des-bruits-articulaires-dans-un-traitement-osteopathique\\\/\",\"name\":\"Y-a t-il n\u00e9cessairement un &#034;crac&#034; articulaire dans un traitement Ost\u00e9opathique ? - P\u00f4le Equilibre&amp;Sant\u00e9 de Yutz - Thionville\",\"isPartOf\":{\"@id\":\"https:\\\/\\\/pes-moselle.fr\\\/yutz\\\/#website\"},\"datePublished\":\"2013-05-02T15:29:48+00:00\",\"breadcrumb\":{\"@id\":\"https:\\\/\\\/pes-moselle.fr\\\/yutz\\\/faq-items\\\/y-a-t-il-obligatoirement-des-bruits-articulaires-dans-un-traitement-osteopathique\\\/#breadcrumb\"},\"inLanguage\":\"fr-FR\",\"potentialAction\":[{\"@type\":\"ReadAction\",\"target\":[\"https:\\\/\\\/pes-moselle.fr\\\/yutz\\\/faq-items\\\/y-a-t-il-obligatoirement-des-bruits-articulaires-dans-un-traitement-osteopathique\\\/\"]}]},{\"@type\":\"BreadcrumbList\",\"@id\":\"https:\\\/\\\/pes-moselle.fr\\\/yutz\\\/faq-items\\\/y-a-t-il-obligatoirement-des-bruits-articulaires-dans-un-traitement-osteopathique\\\/#breadcrumb\",\"itemListElement\":[{\"@type\":\"ListItem\",\"position\":1,\"name\":\"Accueil\",\"item\":\"https:\\\/\\\/pes-moselle.fr\\\/yutz\\\/\"},{\"@type\":\"ListItem\",\"position\":2,\"name\":\"F.A.Q.\",\"item\":\"https:\\\/\\\/pes-moselle.fr\\\/yutz\\\/faq-items\\\/\"},{\"@type\":\"ListItem\",\"position\":3,\"name\":\"Y-a t-il n\u00e9cessairement un &#034;crac&#034; articulaire dans un traitement Ost\u00e9opathique ?\"}]},{\"@type\":\"WebSite\",\"@id\":\"https:\\\/\\\/pes-moselle.fr\\\/yutz\\\/#website\",\"url\":\"https:\\\/\\\/pes-moselle.fr\\\/yutz\\\/\",\"name\":\"P\u00f4le Equilibre&amp;Sant\u00e9 de Yutz - Thionville\",\"description\":\"\",\"potentialAction\":[{\"@type\":\"SearchAction\",\"target\":{\"@type\":\"EntryPoint\",\"urlTemplate\":\"https:\\\/\\\/pes-moselle.fr\\\/yutz\\\/?s={search_term_string}\"},\"query-input\":{\"@type\":\"PropertyValueSpecification\",\"valueRequired\":true,\"valueName\":\"search_term_string\"}}],\"inLanguage\":\"fr-FR\"}]}<\/script>\n<!-- \/ Yoast SEO plugin. -->","yoast_head_json":{"title":"Y-a t-il n\u00e9cessairement un &#034;crac&#034; articulaire dans un traitement Ost\u00e9opathique ? - P\u00f4le Equilibre&amp;Sant\u00e9 de Yutz - Thionville","robots":{"index":"index","follow":"follow","max-snippet":"max-snippet:-1","max-image-preview":"max-image-preview:large","max-video-preview":"max-video-preview:-1"},"canonical":"https:\/\/pes-moselle.fr\/yutz\/faq-items\/y-a-t-il-obligatoirement-des-bruits-articulaires-dans-un-traitement-osteopathique\/","og_locale":"fr_FR","og_type":"article","og_title":"Y-a t-il n\u00e9cessairement un &#034;crac&#034; articulaire dans un traitement Ost\u00e9opathique ? - P\u00f4le Equilibre&amp;Sant\u00e9 de Yutz - Thionville","og_description":"Cela n&rsquo;est absolument pas obligatoire\u00a0et d\u00e9pendra du type de traitement ost\u00e9opathique propos\u00e9. Si ce traitement doit comporter des mobilisations musculo-articulaires des bruits peuvent se produire, mais ne signent aucunement une \u00ab\u00a0remise en place\u00a0\u00bb. Le but de la mobilisation articulaire est de \u00ab\u00a0r\u00e9-informer\u00a0\u00bb du point de vue neurologique la structure qui est restreinte en mobilit\u00e9 afin [...]","og_url":"https:\/\/pes-moselle.fr\/yutz\/faq-items\/y-a-t-il-obligatoirement-des-bruits-articulaires-dans-un-traitement-osteopathique\/","og_site_name":"P\u00f4le Equilibre&amp;Sant\u00e9 de Yutz - Thionville","twitter_card":"summary_large_image","twitter_misc":{"Dur\u00e9e de lecture estim\u00e9e":"1 minute"},"schema":{"@context":"https:\/\/schema.org","@graph":[{"@type":"WebPage","@id":"https:\/\/pes-moselle.fr\/yutz\/faq-items\/y-a-t-il-obligatoirement-des-bruits-articulaires-dans-un-traitement-osteopathique\/","url":"https:\/\/pes-moselle.fr\/yutz\/faq-items\/y-a-t-il-obligatoirement-des-bruits-articulaires-dans-un-traitement-osteopathique\/","name":"Y-a t-il n\u00e9cessairement un &#034;crac&#034; articulaire dans un traitement Ost\u00e9opathique ? - P\u00f4le Equilibre&amp;Sant\u00e9 de Yutz - Thionville","isPartOf":{"@id":"https:\/\/pes-moselle.fr\/yutz\/#website"},"datePublished":"2013-05-02T15:29:48+00:00","breadcrumb":{"@id":"https:\/\/pes-moselle.fr\/yutz\/faq-items\/y-a-t-il-obligatoirement-des-bruits-articulaires-dans-un-traitement-osteopathique\/#breadcrumb"},"inLanguage":"fr-FR","potentialAction":[{"@type":"ReadAction","target":["https:\/\/pes-moselle.fr\/yutz\/faq-items\/y-a-t-il-obligatoirement-des-bruits-articulaires-dans-un-traitement-osteopathique\/"]}]},{"@type":"BreadcrumbList","@id":"https:\/\/pes-moselle.fr\/yutz\/faq-items\/y-a-t-il-obligatoirement-des-bruits-articulaires-dans-un-traitement-osteopathique\/#breadcrumb","itemListElement":[{"@type":"ListItem","position":1,"name":"Accueil","item":"https:\/\/pes-moselle.fr\/yutz\/"},{"@type":"ListItem","position":2,"name":"F.A.Q.","item":"https:\/\/pes-moselle.fr\/yutz\/faq-items\/"},{"@type":"ListItem","position":3,"name":"Y-a t-il n\u00e9cessairement un &#034;crac&#034; articulaire dans un traitement Ost\u00e9opathique ?"}]},{"@type":"WebSite","@id":"https:\/\/pes-moselle.fr\/yutz\/#website","url":"https:\/\/pes-moselle.fr\/yutz\/","name":"P\u00f4le Equilibre&amp;Sant\u00e9 de Yutz - Thionville","description":"","potentialAction":[{"@type":"SearchAction","target":{"@type":"EntryPoint","urlTemplate":"https:\/\/pes-moselle.fr\/yutz\/?s={search_term_string}"},"query-input":{"@type":"PropertyValueSpecification","valueRequired":true,"valueName":"search_term_string"}}],"inLanguage":"fr-FR"}]}},"_links":{"self":[{"href":"https:\/\/pes-moselle.fr\/yutz\/wp-json\/wp\/v2\/avada_faq\/201","targetHints":{"allow":["GET"]}}],"collection":[{"href":"https:\/\/pes-moselle.fr\/yutz\/wp-json\/wp\/v2\/avada_faq"}],"about":[{"href":"https:\/\/pes-moselle.fr\/yutz\/wp-json\/wp\/v2\/types\/avada_faq"}],"author":[{"embeddable":true,"href":"https:\/\/pes-moselle.fr\/yutz\/wp-json\/wp\/v2\/users\/1"}],"replies":[{"embeddable":true,"href":"https:\/\/pes-moselle.fr\/yutz\/wp-json\/wp\/v2\/comments?post=201"}],"version-history":[{"count":0,"href":"https:\/\/pes-moselle.fr\/yutz\/wp-json\/wp\/v2\/avada_faq\/201\/revisions"}],"wp:attachment":[{"href":"https:\/\/pes-moselle.fr\/yutz\/wp-json\/wp\/v2\/media?parent=201"}],"wp:term":[{"taxonomy":"faq_category","embeddable":true,"href":"https:\/\/pes-moselle.fr\/yutz\/wp-json\/wp\/v2\/faq_category?post=201"}],"curies":[{"name":"wp","href":"https:\/\/api.w.org\/{rel}","templated":true}]}}